{"id":173,"date":"2025-04-27T17:39:31","date_gmt":"2025-04-27T17:39:31","guid":{"rendered":"https:\/\/davor.pleskina.com\/?page_id=173"},"modified":"2025-04-27T17:43:50","modified_gmt":"2025-04-27T17:43:50","slug":"predgovor","status":"publish","type":"page","link":"https:\/\/davor.pleskina.com\/?page_id=173&lang=sl","title":{"rendered":"Predgovor &#8211; Jeklo in \u010dast &#8211; V senci polmeseca"},"content":{"rendered":"<h3>Neustavljiva privla\u010dnost zgodovinske fantazije<\/h3>\n<p>&nbsp;<\/p>\n<p>Dobra zgodovinska zgodba ima svojo neustavljivo privla\u010dnost. Poslu\u0161amo jo z odprtimi usti in zamaknjeno zremo v pripovedovalca, beremo s stisnjenimi zobmi, medtem ko s konicami prstov v nezavednem gibu po\u010dasi dvigujemo rob naslednje strani.<\/p>\n<p>Knjiga, ki jo pravkar dr\u017eite v roki, ima prav tak\u0161no zgodbo. In u\u017eivali boste v vsaki njeni vrstici. Hitro se boste povezali z mladim parom iz takrat povsem novega Karlovca, razdvojenim z nesre\u010dnim spletom okoli\u0161\u010din, in se v\u017eiveli v napore ne le njih samih, temve\u010d tudi njunih svojcev in celo popolnih tujcev, da zdr\u017eijo v \u017eivljenjski tekmi s \u010dasom proti dnevu, ko se bodo okoli\u0161\u010dine spremenile na bolje.<\/p>\n<p>Prav o\u010darljivo je, kako to delo \u2013 prvenec avtorja Davorja Pleskine \u2013 iz\u017eareva zrelost, vrhunsko pripovednost in lepoto izraza. V njem je tudi nekaj, kar smo podedovali iz \u010dasa Avgusta \u0160enoe, Ivana Cankarja, Josipa Jur\u010di\u010da in Josipa Eugena Tomi\u0107a, kar smo kot otroci brali najprej za \u0161olsko branje, nato pa za u\u017eitek ob lepi hrva\u0161ki besedi. S tem neoromanti\u010dnim pristopom ni ni\u010d narobe. Ravno obratno \u2013 ob tem je avtor pokazal ne le lasten literarni izraz, temve\u010d tudi na\u010ditanost ter neprikrito spo\u0161tovanje do svojih vzornikov in velikih predhodnikov.<\/p>\n<p>Kot pri vsaki drugi zgodovinsko utemeljeni zgodbi je bil tudi tu najprej potreben temeljit \u0161tudij zgodovine, pri \u010demer najbolj pade v uho uporaba izrazov iz tiste dobe. Tako boste prebrali, da so sobe in prostori pono\u010di osvetljeni z vo\u0161\u010denkami, da se j\u00e9 <em>sud\u017euk<\/em>, da se trguje na <em>bazarju<\/em>, kako nekateri vojaki nosijo helebarde, drugi pa <em>jatagane<\/em> in <em>kilije<\/em>, da se popotniki zate\u010dejo v <em>\u010dardake<\/em> ali se zbirajo ob kresovih v taborih, kjer z <em>akind\u017eijami<\/em>, <em>spahijami<\/em> in <em>jani\u010darji<\/em> v <em>\u010dadorih<\/em> v <em>kazanu<\/em> kuhajo<em> \u010dorbo<\/em> &#8230;<\/p>\n<p>Prepu\u0161\u010dam vas Davorju Pleskini in njegovi prelepi zgodbi.<\/p>\n<p>&nbsp;<\/p>\n<p><strong>Tomislav Beroni\u0107, urednik<\/strong><\/p>\n","protected":false},"excerpt":{"rendered":"<p>Neustavljiva privla\u010dnost zgodovinske fantazije &nbsp; Dobra zgodovinska zgodba ima svojo neustavljivo privla\u010dnost. Poslu\u0161amo jo z odprtimi usti in zamaknjeno zremo [&hellip;]<\/p>\n","protected":false},"author":1,"featured_media":0,"parent":0,"menu_order":0,"comment_status":"closed","ping_status":"closed","template":"","meta":{"_uag_custom_page_level_css":"","site-sidebar-layout":"default","site-content-layout":"","ast-site-content-layout":"default","site-content-style":"default","site-sidebar-style":"default","ast-global-header-display":"","ast-banner-title-visibility":"","ast-main-header-display":"","ast-hfb-above-header-display":"","ast-hfb-below-header-display":"","ast-hfb-mobile-header-display":"","site-post-title":"","ast-breadcrumbs-content":"","ast-featured-img":"","footer-sml-layout":"","theme-transparent-header-meta":"default","adv-header-id-meta":"","stick-header-meta":"","header-above-stick-meta":"","header-main-stick-meta":"","header-below-stick-meta":"","astra-migrate-meta-layouts":"set","ast-page-background-enabled":"default","ast-page-background-meta":{"desktop":{"background-color":"var(--ast-global-color-5)","background-image":"","background-repeat":"repeat","background-position":"center center","background-size":"auto","background-attachment":"scroll","background-type":"","background-media":"","overlay-type":"","overlay-color":"","overlay-opacity":"","overlay-gradient":""},"tablet":{"background-color":"","background-image":"","background-repeat":"repeat","background-position":"center center","background-size":"auto","background-attachment":"scroll","background-type":"","background-media":"","overlay-type":"","overlay-color":"","overlay-opacity":"","overlay-gradient":""},"mobile":{"background-color":"","background-image":"","background-repeat":"repeat","background-position":"center center","background-size":"auto","background-attachment":"scroll","background-type":"","background-media":"","overlay-type":"","overlay-color":"","overlay-opacity":"","overlay-gradient":""}},"ast-content-background-meta":{"desktop":{"background-color":"var(--ast-global-color-4)","background-image":"","background-repeat":"repeat","background-position":"center center","background-size":"auto","background-attachment":"scroll","background-type":"","background-media":"","overlay-type":"","overlay-color":"","overlay-opacity":"","overlay-gradient":""},"tablet":{"background-color":"var(--ast-global-color-4)","background-image":"","background-repeat":"repeat","background-position":"center center","background-size":"auto","background-attachment":"scroll","background-type":"","background-media":"","overlay-type":"","overlay-color":"","overlay-opacity":"","overlay-gradient":""},"mobile":{"background-color":"var(--ast-global-color-4)","background-image":"","background-repeat":"repeat","background-position":"center center","background-size":"auto","background-attachment":"scroll","background-type":"","background-media":"","overlay-type":"","overlay-color":"","overlay-opacity":"","overlay-gradient":""}},"footnotes":""},"class_list":["post-173","page","type-page","status-publish","hentry"],"yoast_head":"<!-- This site is optimized with the Yoast SEO plugin v24.9 - https:\/\/yoast.com\/wordpress\/plugins\/seo\/ -->\n<title>Predgovor - Jeklo in \u010dast - V senci polmeseca - Davor Pleskina - avtor<\/title>\n<meta name=\"robots\" content=\"index, follow, max-snippet:-1, max-image-preview:large, max-video-preview:-1\" \/>\n<link rel=\"canonical\" href=\"https:\/\/davor.pleskina.com\/?page_id=173&lang=sl\" \/>\n<meta property=\"og:locale\" content=\"en_US\" \/>\n<meta property=\"og:type\" content=\"article\" \/>\n<meta property=\"og:title\" content=\"Predgovor - Jeklo in \u010dast - V senci polmeseca - Davor Pleskina - avtor\" \/>\n<meta property=\"og:description\" content=\"Neustavljiva privla\u010dnost zgodovinske fantazije &nbsp; Dobra zgodovinska zgodba ima svojo neustavljivo privla\u010dnost. Poslu\u0161amo jo z odprtimi usti in zamaknjeno zremo [&hellip;]\" \/>\n<meta property=\"og:url\" content=\"https:\/\/davor.pleskina.com\/?page_id=173&amp;lang=sl\" \/>\n<meta property=\"og:site_name\" content=\"Davor Pleskina - avtor\" \/>\n<meta property=\"article:publisher\" content=\"https:\/\/www.facebook.com\/davor.pleskina\" \/>\n<meta property=\"article:modified_time\" content=\"2025-04-27T17:43:50+00:00\" \/>\n<meta name=\"twitter:card\" content=\"summary_large_image\" \/>\n<meta name=\"twitter:label1\" content=\"Est. reading time\" \/>\n\t<meta name=\"twitter:data1\" content=\"2 minutes\" \/>\n<script type=\"application\/ld+json\" class=\"yoast-schema-graph\">{\"@context\":\"https:\/\/schema.org\",\"@graph\":[{\"@type\":\"WebPage\",\"@id\":\"https:\/\/davor.pleskina.com\/?page_id=173&lang=sl\",\"url\":\"https:\/\/davor.pleskina.com\/?page_id=173&lang=sl\",\"name\":\"Predgovor - Jeklo in \u010dast - V senci polmeseca - Davor Pleskina - avtor\",\"isPartOf\":{\"@id\":\"https:\/\/davor.pleskina.com\/#website\"},\"datePublished\":\"2025-04-27T17:39:31+00:00\",\"dateModified\":\"2025-04-27T17:43:50+00:00\",\"breadcrumb\":{\"@id\":\"https:\/\/davor.pleskina.com\/?page_id=173&lang=sl#breadcrumb\"},\"inLanguage\":\"en-US\",\"potentialAction\":[{\"@type\":\"ReadAction\",\"target\":[\"https:\/\/davor.pleskina.com\/?page_id=173&lang=sl\"]}]},{\"@type\":\"BreadcrumbList\",\"@id\":\"https:\/\/davor.pleskina.com\/?page_id=173&lang=sl#breadcrumb\",\"itemListElement\":[{\"@type\":\"ListItem\",\"position\":1,\"name\":\"Home\",\"item\":\"https:\/\/davor.pleskina.com\/?page_id=82&lang=sl\"},{\"@type\":\"ListItem\",\"position\":2,\"name\":\"Predgovor &#8211; Jeklo in \u010dast &#8211; V senci polmeseca\"}]},{\"@type\":\"WebSite\",\"@id\":\"https:\/\/davor.pleskina.com\/#website\",\"url\":\"https:\/\/davor.pleskina.com\/\",\"name\":\"Davor Pleskina - Author\",\"description\":\"\",\"publisher\":{\"@id\":\"https:\/\/davor.pleskina.com\/#\/schema\/person\/73a3c55dd492b781e0ccde1908336648\"},\"potentialAction\":[{\"@type\":\"SearchAction\",\"target\":{\"@type\":\"EntryPoint\",\"urlTemplate\":\"https:\/\/davor.pleskina.com\/?s={search_term_string}\"},\"query-input\":{\"@type\":\"PropertyValueSpecification\",\"valueRequired\":true,\"valueName\":\"search_term_string\"}}],\"inLanguage\":\"en-US\"},{\"@type\":[\"Person\",\"Organization\"],\"@id\":\"https:\/\/davor.pleskina.com\/#\/schema\/person\/73a3c55dd492b781e0ccde1908336648\",\"name\":\"Davor Pleskina\",\"image\":{\"@type\":\"ImageObject\",\"inLanguage\":\"en-US\",\"@id\":\"https:\/\/davor.pleskina.com\/#\/schema\/person\/image\/\",\"url\":\"https:\/\/davor.pleskina.com\/wp-content\/uploads\/2025\/04\/cropped-9e4a4959-8b7d-42cf-a303-7ca0cb4aa407.jpg\",\"contentUrl\":\"https:\/\/davor.pleskina.com\/wp-content\/uploads\/2025\/04\/cropped-9e4a4959-8b7d-42cf-a303-7ca0cb4aa407.jpg\",\"width\":736,\"height\":810,\"caption\":\"Davor Pleskina\"},\"logo\":{\"@id\":\"https:\/\/davor.pleskina.com\/#\/schema\/person\/image\/\"},\"sameAs\":[\"https:\/\/davor.pleskina.com\",\"https:\/\/www.facebook.com\/davor.pleskina\",\"https:\/\/www.instagram.com\/lorddavor\"]}]}<\/script>\n<!-- \/ Yoast SEO plugin. -->","yoast_head_json":{"title":"Predgovor - Jeklo in \u010dast - V senci polmeseca - Davor Pleskina - avtor","robots":{"index":"index","follow":"follow","max-snippet":"max-snippet:-1","max-image-preview":"max-image-preview:large","max-video-preview":"max-video-preview:-1"},"canonical":"https:\/\/davor.pleskina.com\/?page_id=173&lang=sl","og_locale":"en_US","og_type":"article","og_title":"Predgovor - Jeklo in \u010dast - V senci polmeseca - Davor Pleskina - avtor","og_description":"Neustavljiva privla\u010dnost zgodovinske fantazije &nbsp; Dobra zgodovinska zgodba ima svojo neustavljivo privla\u010dnost. Poslu\u0161amo jo z odprtimi usti in zamaknjeno zremo [&hellip;]","og_url":"https:\/\/davor.pleskina.com\/?page_id=173&lang=sl","og_site_name":"Davor Pleskina - avtor","article_publisher":"https:\/\/www.facebook.com\/davor.pleskina","article_modified_time":"2025-04-27T17:43:50+00:00","twitter_card":"summary_large_image","twitter_misc":{"Est. reading time":"2 minutes"},"schema":{"@context":"https:\/\/schema.org","@graph":[{"@type":"WebPage","@id":"https:\/\/davor.pleskina.com\/?page_id=173&lang=sl","url":"https:\/\/davor.pleskina.com\/?page_id=173&lang=sl","name":"Predgovor - Jeklo in \u010dast - V senci polmeseca - Davor Pleskina - avtor","isPartOf":{"@id":"https:\/\/davor.pleskina.com\/#website"},"datePublished":"2025-04-27T17:39:31+00:00","dateModified":"2025-04-27T17:43:50+00:00","breadcrumb":{"@id":"https:\/\/davor.pleskina.com\/?page_id=173&lang=sl#breadcrumb"},"inLanguage":"en-US","potentialAction":[{"@type":"ReadAction","target":["https:\/\/davor.pleskina.com\/?page_id=173&lang=sl"]}]},{"@type":"BreadcrumbList","@id":"https:\/\/davor.pleskina.com\/?page_id=173&lang=sl#breadcrumb","itemListElement":[{"@type":"ListItem","position":1,"name":"Home","item":"https:\/\/davor.pleskina.com\/?page_id=82&lang=sl"},{"@type":"ListItem","position":2,"name":"Predgovor &#8211; Jeklo in \u010dast &#8211; V senci polmeseca"}]},{"@type":"WebSite","@id":"https:\/\/davor.pleskina.com\/#website","url":"https:\/\/davor.pleskina.com\/","name":"Davor Pleskina - Author","description":"","publisher":{"@id":"https:\/\/davor.pleskina.com\/#\/schema\/person\/73a3c55dd492b781e0ccde1908336648"},"potentialAction":[{"@type":"SearchAction","target":{"@type":"EntryPoint","urlTemplate":"https:\/\/davor.pleskina.com\/?s={search_term_string}"},"query-input":{"@type":"PropertyValueSpecification","valueRequired":true,"valueName":"search_term_string"}}],"inLanguage":"en-US"},{"@type":["Person","Organization"],"@id":"https:\/\/davor.pleskina.com\/#\/schema\/person\/73a3c55dd492b781e0ccde1908336648","name":"Davor Pleskina","image":{"@type":"ImageObject","inLanguage":"en-US","@id":"https:\/\/davor.pleskina.com\/#\/schema\/person\/image\/","url":"https:\/\/davor.pleskina.com\/wp-content\/uploads\/2025\/04\/cropped-9e4a4959-8b7d-42cf-a303-7ca0cb4aa407.jpg","contentUrl":"https:\/\/davor.pleskina.com\/wp-content\/uploads\/2025\/04\/cropped-9e4a4959-8b7d-42cf-a303-7ca0cb4aa407.jpg","width":736,"height":810,"caption":"Davor Pleskina"},"logo":{"@id":"https:\/\/davor.pleskina.com\/#\/schema\/person\/image\/"},"sameAs":["https:\/\/davor.pleskina.com","https:\/\/www.facebook.com\/davor.pleskina","https:\/\/www.instagram.com\/lorddavor"]}]}},"uagb_featured_image_src":{"full":false,"thumbnail":false,"medium":false,"medium_large":false,"large":false,"1536x1536":false,"2048x2048":false},"uagb_author_info":{"display_name":"Davor Pleskina","author_link":"https:\/\/davor.pleskina.com\/?author=1"},"uagb_comment_info":0,"uagb_excerpt":"Neustavljiva privla\u010dnost zgodovinske fantazije &nbsp; Dobra zgodovinska zgodba ima svojo neustavljivo privla\u010dnost. Poslu\u0161amo jo z odprtimi usti in zamaknjeno zremo [&hellip;]","_links":{"self":[{"href":"https:\/\/davor.pleskina.com\/index.php?rest_route=\/wp\/v2\/pages\/173","targetHints":{"allow":["GET"]}}],"collection":[{"href":"https:\/\/davor.pleskina.com\/index.php?rest_route=\/wp\/v2\/pages"}],"about":[{"href":"https:\/\/davor.pleskina.com\/index.php?rest_route=\/wp\/v2\/types\/page"}],"author":[{"embeddable":true,"href":"https:\/\/davor.pleskina.com\/index.php?rest_route=\/wp\/v2\/users\/1"}],"replies":[{"embeddable":true,"href":"https:\/\/davor.pleskina.com\/index.php?rest_route=%2Fwp%2Fv2%2Fcomments&post=173"}],"version-history":[{"count":3,"href":"https:\/\/davor.pleskina.com\/index.php?rest_route=\/wp\/v2\/pages\/173\/revisions"}],"predecessor-version":[{"id":178,"href":"https:\/\/davor.pleskina.com\/index.php?rest_route=\/wp\/v2\/pages\/173\/revisions\/178"}],"wp:attachment":[{"href":"https:\/\/davor.pleskina.com\/index.php?rest_route=%2Fwp%2Fv2%2Fmedia&parent=173"}],"curies":[{"name":"wp","href":"https:\/\/api.w.org\/{rel}","templated":true}]}}