{"id":36,"date":"2025-04-10T13:03:17","date_gmt":"2025-04-10T13:03:17","guid":{"rendered":"https:\/\/davor.pleskina.com\/?page_id=36"},"modified":"2025-04-27T19:21:02","modified_gmt":"2025-04-27T19:21:02","slug":"knjige-2","status":"publish","type":"page","link":"https:\/\/davor.pleskina.com\/?page_id=36&lang=sl","title":{"rendered":"Knjige"},"content":{"rendered":"\r\n<p>&nbsp;<\/p>\r\n\r\n\r\n\r\n<div class=\"wp-block-uagb-container uagb-block-907dadba alignfull uagb-is-root-container\">\r\n<div class=\"uagb-container-inner-blocks-wrap\">\r\n<div class=\"wp-block-uagb-container uagb-block-677b1f0c\">\r\n<figure class=\"wp-block-image size-large\"><img decoding=\"async\" class=\"alignnone size-full wp-image-152\" src=\"https:\/\/davor.pleskina.com\/wp-content\/uploads\/2025\/04\/IMG_6002-1.heic\" alt=\"\" \/><img loading=\"lazy\" decoding=\"async\" class=\"wp-image-154 alignleft\" src=\"https:\/\/davor.pleskina.com\/wp-content\/uploads\/2025\/04\/IMG_6002-258x300.png\" alt=\"\" width=\"538\" height=\"625\" srcset=\"https:\/\/davor.pleskina.com\/wp-content\/uploads\/2025\/04\/IMG_6002-258x300.png 258w, https:\/\/davor.pleskina.com\/wp-content\/uploads\/2025\/04\/IMG_6002.png 600w\" sizes=\"auto, (max-width: 538px) 100vw, 538px\" \/><\/figure>\r\n<\/div>\r\n\r\n\r\n\r\n<div class=\"wp-block-uagb-container uagb-block-84b30765\">\r\n<p class=\"has-large-font-size\">Jeklo in \u010dast &#8211; v senci polmeseca<\/p>\r\n<p><a href=\"https:\/\/davor.pleskina.com\/?page_id=173&amp;lang=sl\">Preberite predgovor od urednika Tomislava Beroni\u0107a<\/a><\/p>\r\n\r\n\r\n\r\n<p>Leto je 1580. Kranjska, Hrva\u0161ka in dobr\u0161en del dana\u0161nje zahodne Bosne so nekak\u0161en &#8220;divji zahod&#8221; Balkanskega polotoka 16. stoletja. \u017de desetletja trajajo krvavi boji med Osmanlijami in kr\u0161\u010danskim svetom, Osmansko cesarstvo pa se nevarno pribli\u017euje sredi\u0161\u010du Evrope. Kljub razmeroma stabilni meji med dvema svetovoma, ki je potekala prav po obmo\u010djih dana\u0161nje Slovenije in Hrva\u0161ke, ter ustanovitvi tako imenovane Vojne krajine, tur\u0161ke tolpe pogosto prodirajo globoko proti zahodu, kjer za seboj pu\u0161\u010dajo po\u017eig, rop, pobijajo in zasu\u017enjujejo prebivalstvo. Od poletja 1579 se po ukazu avstrijskega nadvojvode Karla gradi trdnjava, kasneje poimenovana Karlovec, da bi se ustavilo nadaljnje prodiranje osmanske gro\u017enje.<br \/>Prebivalstvo tega obmo\u010dja je me\u0161ano in iz\u010drpano od nenehnih spopadov in nemirov; del ljudi predstavljajo begunci iz osvojenih de\u017eel, drugi so priseljeni vojaki in pla\u010danci, tretji doma\u010dini, utrujeni od plenitev in napadov. Med dvema svetovoma spretno plava tudi zdravilec\u00ab \u010drnogorskega rodu, z enostavnim vzdevkom Poturica, ki je nekako sprejet in priljubljen na obeh straneh, saj vsi potrebujejo njegove usluge. V mladosti potur\u010den, pozneje po mnogih bitkah odpu\u0161\u010den iz aktivne jani\u010darske slu\u017ebe, je prestopil na kr\u0161\u010dansko stran, kjer se je po tamkaj\u0161njem bojevanju nazadnje posvetil zdravljenju. Nekateri bi ga brez zadr\u017ekov obto\u017eili dvojnega vohunjenja, \u010deprav za to nih\u010de ni imel pravih dokazov.<br \/>Ko Poturica na okupiranem obmo\u010dju blizu Kamengrada sre\u010da in prepozna ugrabljeno h\u010derko svojega starega prijatelja, sicer poveljnika trdnjave v izgradnji, se odlo\u010di odpraviti na pot, da mu prenese novico. Stari kapitan se skupaj s h\u010derkinim zaro\u010dencem odlo\u010di za re\u0161evalno odpravo. Odpravo sestavljajo mladi gardijski poro\u010dnik Nikola, sloviti bojevnik Ivan ter sam Poturica. Majhna in pogumna skupina se poda na nevarno pot \u010dez zmrznjeno in divjo Krajino ter skozi okupirane hrva\u0161ke kraje, pri tem pa se poslu\u017euje tako zvija\u010d in pretkanosti kot tudi vseh svojih bojevni\u0161kih spretnosti, da bi kapitanovo h\u010der re\u0161ila iz tur\u0161kih krempljev.<\/p>\r\n\r\n\r\n\r\n<p>Napeta pripoved o te\u017ekih in nevarnih \u010dasih, o zvestobi, \u010dasti, pogumu in nesebi\u010dnosti vas bo popeljala v ne tako oddaljeno preteklost, ponudila vpogled v del bogate zgodovine Karlovca in Vojne krajine, vas spoznala s \u0161tevilnimi zanimivimi zgodovinskimi in fiktivnimi osebami ter vas vodila po poti, polni pri\u010dakovanj, napetosti in najrazli\u010dnej\u0161ih presene\u010denj.<\/p>\r\n\r\n\r\n\r\n<p>&nbsp;<\/p>\r\n<\/div>\r\n<\/div>\r\n<\/div>\r\n","protected":false},"excerpt":{"rendered":"<p>&nbsp; Jeklo in \u010dast &#8211; v senci polmeseca Preberite predgovor od urednika Tomislava Beroni\u0107a Leto je 1580. Kranjska, Hrva\u0161ka in [&hellip;]<\/p>\n","protected":false},"author":1,"featured_media":0,"parent":0,"menu_order":0,"comment_status":"closed","ping_status":"closed","template":"","meta":{"_uag_custom_page_level_css":"","site-sidebar-layout":"default","site-content-layout":"","ast-site-content-layout":"default","site-content-style":"default","site-sidebar-style":"default","ast-global-header-display":"","ast-banner-title-visibility":"","ast-main-header-display":"","ast-hfb-above-header-display":"","ast-hfb-below-header-display":"","ast-hfb-mobile-header-display":"","site-post-title":"","ast-breadcrumbs-content":"","ast-featured-img":"","footer-sml-layout":"","theme-transparent-header-meta":"default","adv-header-id-meta":"","stick-header-meta":"","header-above-stick-meta":"","header-main-stick-meta":"","header-below-stick-meta":"","astra-migrate-meta-layouts":"set","ast-page-background-enabled":"default","ast-page-background-meta":{"desktop":{"background-color":"var(--ast-global-color-5)","background-image":"","background-repeat":"repeat","background-position":"center center","background-size":"auto","background-attachment":"scroll","background-type":"","background-media":"","overlay-type":"","overlay-color":"","overlay-opacity":"","overlay-gradient":""},"tablet":{"background-color":"","background-image":"","background-repeat":"repeat","background-position":"center center","background-size":"auto","background-attachment":"scroll","background-type":"","background-media":"","overlay-type":"","overlay-color":"","overlay-opacity":"","overlay-gradient":""},"mobile":{"background-color":"","background-image":"","background-repeat":"repeat","background-position":"center center","background-size":"auto","background-attachment":"scroll","background-type":"","background-media":"","overlay-type":"","overlay-color":"","overlay-opacity":"","overlay-gradient":""}},"ast-content-background-meta":{"desktop":{"background-color":"var(--ast-global-color-4)","background-image":"","background-repeat":"repeat","background-position":"center center","background-size":"auto","background-attachment":"scroll","background-type":"","background-media":"","overlay-type":"","overlay-color":"","overlay-opacity":"","overlay-gradient":""},"tablet":{"background-color":"var(--ast-global-color-4)","background-image":"","background-repeat":"repeat","background-position":"center center","background-size":"auto","background-attachment":"scroll","background-type":"","background-media":"","overlay-type":"","overlay-color":"","overlay-opacity":"","overlay-gradient":""},"mobile":{"background-color":"var(--ast-global-color-4)","background-image":"","background-repeat":"repeat","background-position":"center center","background-size":"auto","background-attachment":"scroll","background-type":"","background-media":"","overlay-type":"","overlay-color":"","overlay-opacity":"","overlay-gradient":""}},"footnotes":""},"class_list":["post-36","page","type-page","status-publish","hentry"],"yoast_head":"<!-- This site is optimized with the Yoast SEO plugin v24.9 - https:\/\/yoast.com\/wordpress\/plugins\/seo\/ -->\n<title>Knjige - Davor Pleskina - avtor<\/title>\n<meta name=\"robots\" content=\"index, follow, max-snippet:-1, max-image-preview:large, max-video-preview:-1\" \/>\n<link rel=\"canonical\" href=\"https:\/\/davor.pleskina.com\/?page_id=36&lang=sl\" \/>\n<meta property=\"og:locale\" content=\"en_US\" \/>\n<meta property=\"og:type\" content=\"article\" \/>\n<meta property=\"og:title\" content=\"Knjige - Davor Pleskina - avtor\" \/>\n<meta property=\"og:description\" content=\"&nbsp; Jeklo in \u010dast &#8211; v senci polmeseca Preberite predgovor od urednika Tomislava Beroni\u0107a Leto je 1580. Kranjska, Hrva\u0161ka in [&hellip;]\" \/>\n<meta property=\"og:url\" content=\"https:\/\/davor.pleskina.com\/?page_id=36&amp;lang=sl\" \/>\n<meta property=\"og:site_name\" content=\"Davor Pleskina - avtor\" \/>\n<meta property=\"article:publisher\" content=\"https:\/\/www.facebook.com\/davor.pleskina\" \/>\n<meta property=\"article:modified_time\" content=\"2025-04-27T19:21:02+00:00\" \/>\n<meta name=\"twitter:card\" content=\"summary_large_image\" \/>\n<meta name=\"twitter:label1\" content=\"Est. reading time\" \/>\n\t<meta name=\"twitter:data1\" content=\"2 minutes\" \/>\n<script type=\"application\/ld+json\" class=\"yoast-schema-graph\">{\"@context\":\"https:\/\/schema.org\",\"@graph\":[{\"@type\":\"WebPage\",\"@id\":\"https:\/\/davor.pleskina.com\/?page_id=36&lang=sl\",\"url\":\"https:\/\/davor.pleskina.com\/?page_id=36&lang=sl\",\"name\":\"Knjige - Davor Pleskina - avtor\",\"isPartOf\":{\"@id\":\"https:\/\/davor.pleskina.com\/#website\"},\"primaryImageOfPage\":{\"@id\":\"https:\/\/davor.pleskina.com\/?page_id=36&lang=sl#primaryimage\"},\"image\":{\"@id\":\"https:\/\/davor.pleskina.com\/?page_id=36&lang=sl#primaryimage\"},\"thumbnailUrl\":\"https:\/\/davor.pleskina.com\/wp-content\/uploads\/2025\/04\/IMG_6002-1.heic\",\"datePublished\":\"2025-04-10T13:03:17+00:00\",\"dateModified\":\"2025-04-27T19:21:02+00:00\",\"breadcrumb\":{\"@id\":\"https:\/\/davor.pleskina.com\/?page_id=36&lang=sl#breadcrumb\"},\"inLanguage\":\"en-US\",\"potentialAction\":[{\"@type\":\"ReadAction\",\"target\":[\"https:\/\/davor.pleskina.com\/?page_id=36&lang=sl\"]}]},{\"@type\":\"ImageObject\",\"inLanguage\":\"en-US\",\"@id\":\"https:\/\/davor.pleskina.com\/?page_id=36&lang=sl#primaryimage\",\"url\":\"https:\/\/davor.pleskina.com\/wp-content\/uploads\/2025\/04\/IMG_6002-1.heic\",\"contentUrl\":\"https:\/\/davor.pleskina.com\/wp-content\/uploads\/2025\/04\/IMG_6002-1.heic\"},{\"@type\":\"BreadcrumbList\",\"@id\":\"https:\/\/davor.pleskina.com\/?page_id=36&lang=sl#breadcrumb\",\"itemListElement\":[{\"@type\":\"ListItem\",\"position\":1,\"name\":\"Home\",\"item\":\"https:\/\/davor.pleskina.com\/?page_id=82&lang=sl\"},{\"@type\":\"ListItem\",\"position\":2,\"name\":\"Knjige\"}]},{\"@type\":\"WebSite\",\"@id\":\"https:\/\/davor.pleskina.com\/#website\",\"url\":\"https:\/\/davor.pleskina.com\/\",\"name\":\"Davor Pleskina - Author\",\"description\":\"\",\"publisher\":{\"@id\":\"https:\/\/davor.pleskina.com\/#\/schema\/person\/73a3c55dd492b781e0ccde1908336648\"},\"potentialAction\":[{\"@type\":\"SearchAction\",\"target\":{\"@type\":\"EntryPoint\",\"urlTemplate\":\"https:\/\/davor.pleskina.com\/?s={search_term_string}\"},\"query-input\":{\"@type\":\"PropertyValueSpecification\",\"valueRequired\":true,\"valueName\":\"search_term_string\"}}],\"inLanguage\":\"en-US\"},{\"@type\":[\"Person\",\"Organization\"],\"@id\":\"https:\/\/davor.pleskina.com\/#\/schema\/person\/73a3c55dd492b781e0ccde1908336648\",\"name\":\"Davor Pleskina\",\"image\":{\"@type\":\"ImageObject\",\"inLanguage\":\"en-US\",\"@id\":\"https:\/\/davor.pleskina.com\/#\/schema\/person\/image\/\",\"url\":\"https:\/\/davor.pleskina.com\/wp-content\/uploads\/2025\/04\/cropped-9e4a4959-8b7d-42cf-a303-7ca0cb4aa407.jpg\",\"contentUrl\":\"https:\/\/davor.pleskina.com\/wp-content\/uploads\/2025\/04\/cropped-9e4a4959-8b7d-42cf-a303-7ca0cb4aa407.jpg\",\"width\":736,\"height\":810,\"caption\":\"Davor Pleskina\"},\"logo\":{\"@id\":\"https:\/\/davor.pleskina.com\/#\/schema\/person\/image\/\"},\"sameAs\":[\"https:\/\/davor.pleskina.com\",\"https:\/\/www.facebook.com\/davor.pleskina\",\"https:\/\/www.instagram.com\/lorddavor\"]}]}<\/script>\n<!-- \/ Yoast SEO plugin. -->","yoast_head_json":{"title":"Knjige - Davor Pleskina - avtor","robots":{"index":"index","follow":"follow","max-snippet":"max-snippet:-1","max-image-preview":"max-image-preview:large","max-video-preview":"max-video-preview:-1"},"canonical":"https:\/\/davor.pleskina.com\/?page_id=36&lang=sl","og_locale":"en_US","og_type":"article","og_title":"Knjige - Davor Pleskina - avtor","og_description":"&nbsp; Jeklo in \u010dast &#8211; v senci polmeseca Preberite predgovor od urednika Tomislava Beroni\u0107a Leto je 1580. Kranjska, Hrva\u0161ka in [&hellip;]","og_url":"https:\/\/davor.pleskina.com\/?page_id=36&lang=sl","og_site_name":"Davor Pleskina - avtor","article_publisher":"https:\/\/www.facebook.com\/davor.pleskina","article_modified_time":"2025-04-27T19:21:02+00:00","twitter_card":"summary_large_image","twitter_misc":{"Est. reading time":"2 minutes"},"schema":{"@context":"https:\/\/schema.org","@graph":[{"@type":"WebPage","@id":"https:\/\/davor.pleskina.com\/?page_id=36&lang=sl","url":"https:\/\/davor.pleskina.com\/?page_id=36&lang=sl","name":"Knjige - Davor Pleskina - avtor","isPartOf":{"@id":"https:\/\/davor.pleskina.com\/#website"},"primaryImageOfPage":{"@id":"https:\/\/davor.pleskina.com\/?page_id=36&lang=sl#primaryimage"},"image":{"@id":"https:\/\/davor.pleskina.com\/?page_id=36&lang=sl#primaryimage"},"thumbnailUrl":"https:\/\/davor.pleskina.com\/wp-content\/uploads\/2025\/04\/IMG_6002-1.heic","datePublished":"2025-04-10T13:03:17+00:00","dateModified":"2025-04-27T19:21:02+00:00","breadcrumb":{"@id":"https:\/\/davor.pleskina.com\/?page_id=36&lang=sl#breadcrumb"},"inLanguage":"en-US","potentialAction":[{"@type":"ReadAction","target":["https:\/\/davor.pleskina.com\/?page_id=36&lang=sl"]}]},{"@type":"ImageObject","inLanguage":"en-US","@id":"https:\/\/davor.pleskina.com\/?page_id=36&lang=sl#primaryimage","url":"https:\/\/davor.pleskina.com\/wp-content\/uploads\/2025\/04\/IMG_6002-1.heic","contentUrl":"https:\/\/davor.pleskina.com\/wp-content\/uploads\/2025\/04\/IMG_6002-1.heic"},{"@type":"BreadcrumbList","@id":"https:\/\/davor.pleskina.com\/?page_id=36&lang=sl#breadcrumb","itemListElement":[{"@type":"ListItem","position":1,"name":"Home","item":"https:\/\/davor.pleskina.com\/?page_id=82&lang=sl"},{"@type":"ListItem","position":2,"name":"Knjige"}]},{"@type":"WebSite","@id":"https:\/\/davor.pleskina.com\/#website","url":"https:\/\/davor.pleskina.com\/","name":"Davor Pleskina - Author","description":"","publisher":{"@id":"https:\/\/davor.pleskina.com\/#\/schema\/person\/73a3c55dd492b781e0ccde1908336648"},"potentialAction":[{"@type":"SearchAction","target":{"@type":"EntryPoint","urlTemplate":"https:\/\/davor.pleskina.com\/?s={search_term_string}"},"query-input":{"@type":"PropertyValueSpecification","valueRequired":true,"valueName":"search_term_string"}}],"inLanguage":"en-US"},{"@type":["Person","Organization"],"@id":"https:\/\/davor.pleskina.com\/#\/schema\/person\/73a3c55dd492b781e0ccde1908336648","name":"Davor Pleskina","image":{"@type":"ImageObject","inLanguage":"en-US","@id":"https:\/\/davor.pleskina.com\/#\/schema\/person\/image\/","url":"https:\/\/davor.pleskina.com\/wp-content\/uploads\/2025\/04\/cropped-9e4a4959-8b7d-42cf-a303-7ca0cb4aa407.jpg","contentUrl":"https:\/\/davor.pleskina.com\/wp-content\/uploads\/2025\/04\/cropped-9e4a4959-8b7d-42cf-a303-7ca0cb4aa407.jpg","width":736,"height":810,"caption":"Davor Pleskina"},"logo":{"@id":"https:\/\/davor.pleskina.com\/#\/schema\/person\/image\/"},"sameAs":["https:\/\/davor.pleskina.com","https:\/\/www.facebook.com\/davor.pleskina","https:\/\/www.instagram.com\/lorddavor"]}]}},"uagb_featured_image_src":{"full":false,"thumbnail":false,"medium":false,"medium_large":false,"large":false,"1536x1536":false,"2048x2048":false},"uagb_author_info":{"display_name":"Davor Pleskina","author_link":"https:\/\/davor.pleskina.com\/?author=1"},"uagb_comment_info":0,"uagb_excerpt":"&nbsp; Jeklo in \u010dast &#8211; v senci polmeseca Preberite predgovor od urednika Tomislava Beroni\u0107a Leto je 1580. Kranjska, Hrva\u0161ka in [&hellip;]","_links":{"self":[{"href":"https:\/\/davor.pleskina.com\/index.php?rest_route=\/wp\/v2\/pages\/36","targetHints":{"allow":["GET"]}}],"collection":[{"href":"https:\/\/davor.pleskina.com\/index.php?rest_route=\/wp\/v2\/pages"}],"about":[{"href":"https:\/\/davor.pleskina.com\/index.php?rest_route=\/wp\/v2\/types\/page"}],"author":[{"embeddable":true,"href":"https:\/\/davor.pleskina.com\/index.php?rest_route=\/wp\/v2\/users\/1"}],"replies":[{"embeddable":true,"href":"https:\/\/davor.pleskina.com\/index.php?rest_route=%2Fwp%2Fv2%2Fcomments&post=36"}],"version-history":[{"count":15,"href":"https:\/\/davor.pleskina.com\/index.php?rest_route=\/wp\/v2\/pages\/36\/revisions"}],"predecessor-version":[{"id":179,"href":"https:\/\/davor.pleskina.com\/index.php?rest_route=\/wp\/v2\/pages\/36\/revisions\/179"}],"wp:attachment":[{"href":"https:\/\/davor.pleskina.com\/index.php?rest_route=%2Fwp%2Fv2%2Fmedia&parent=36"}],"curies":[{"name":"wp","href":"https:\/\/api.w.org\/{rel}","templated":true}]}}